{"id":702,"date":"2013-05-06T04:34:34","date_gmt":"2013-05-06T04:34:34","guid":{"rendered":"http:\/\/www.alejandrodelasota.org\/?page_id=702"},"modified":"2013-05-06T04:42:45","modified_gmt":"2013-05-06T04:42:45","slug":"bibliografia","status":"publish","type":"page","link":"https:\/\/alejandrodelasota.org\/en\/bibliografia\/","title":{"rendered":"Bibliografia"},"content":{"rendered":"<p><\/p>\n<div class=\"content\">\n<h1>Bibliography<\/h1>\n<p>This page is under construction. It will shortly contain a complete and updated bibliography of books and magazines with works and writings by Alejandro de la Sota.<\/p>\n<h4>MONOGRAPHS<\/h4>\n<div class=\"back_lineas\">\n<div class=\"back_cajas\">\n<table class=\"table\">\n<tbody>\n<tr>\n<td valign=\"top\" width=\"160\">Abalos, I.\/ Llin\u00e1s, J.\/ Puente, M.<\/td>\n<td valign=\"top\" width=\"335\"><strong>Alejandro de la Sota<\/strong><\/td>\n<td valign=\"top\" width=\"320\">Fundaci\u00f3n Caja de Arquitectos<\/td>\n<td valign=\"top\" width=\"25\">&nbsp;2009<\/td>\n<\/tr>\n<\/tbody>\n<\/table>\n<\/div>\n<div class=\"back_cajas\">\n<table class=\"table\">\n<tbody>\n<tr>\n<td valign=\"top\" width=\"160\">Baldellou, M.A.<\/td>\n<td valign=\"top\" width=\"335\"><strong>Alejandro de la Sota<\/strong><\/td>\n<td valign=\"top\" width=\"320\">Ayuntamiento de Madrid<\/td>\n<td valign=\"top\" width=\"25\">&nbsp;2006<\/td>\n<\/tr>\n<\/tbody>\n<\/table>\n<\/div>\n<div class=\"back_cajas\">\n<table class=\"table\">\n<tbody>\n<tr>\n<td valign=\"top\" width=\"160\">Baldellou, M.A.<\/td>\n<td valign=\"top\" width=\"335\"><strong>Alejandro de la Sota<\/strong><\/td>\n<td valign=\"top\" width=\"320\">Servicio de Publicaciones del Ministerio de Educaci\u00f3n y Ciencia<\/td>\n<td valign=\"top\" width=\"25\">&nbsp;1974<\/td>\n<\/tr>\n<\/tbody>\n<\/table>\n<\/div>\n<div class=\"back_cajas\">\n<table class=\"table\">\n<tbody>\n<tr>\n<td valign=\"top\" width=\"160\">Baldellou, M.A.<\/td>\n<td valign=\"top\" width=\"335\"><strong>Gimnasio Maravillas, Madrid, 1960-1962<\/strong><\/td>\n<td valign=\"top\" width=\"320\">Colegio de Arquitectos de Almer\u00eda<\/td>\n<td valign=\"top\" width=\"25\">&nbsp;1997<\/td>\n<\/tr>\n<\/tbody>\n<\/table>\n<\/div>\n<div class=\"back_cajas\">\n<table class=\"table\">\n<tbody>\n<tr>\n<td valign=\"top\" width=\"160\">Bravo Remis, R.<\/td>\n<td valign=\"top\" width=\"335\"><strong>Una introducci\u00f3n a la arquitectura. Alejandro de la Sota y la arquitect\u00f3nica realidad de algunos materiales y sistemas industriales (1956-1984)<\/strong><\/td>\n<td valign=\"top\" width=\"320\">Universidad de Sevilla, Secretariado de Publicaciones. Instituto Universitario de Ciencias de la Construcci\u00f3n<\/td>\n<td valign=\"top\" width=\"25\">&nbsp;2000<\/td>\n<\/tr>\n<\/tbody>\n<\/table>\n<\/div>\n<div class=\"back_cajas\">\n<table class=\"table\">\n<tbody>\n<tr>\n<td valign=\"top\" width=\"160\">Calzada, M.\/ P\u00e9rez Escolano, V.<\/td>\n<td valign=\"top\" width=\"335\"><strong>Pueblo de Esquivel, 1952. 1953-1955. Alejandro de la Sota<\/strong><\/td>\n<td valign=\"top\" width=\"320\">Colegio de Arquitectos de Almer\u00eda<\/td>\n<td valign=\"top\" width=\"25\">&nbsp;2009<\/td>\n<\/tr>\n<\/tbody>\n<\/table>\n<\/div>\n<div class=\"back_cajas\">\n<table class=\"table\">\n<tbody>\n<tr>\n<td valign=\"top\" width=\"160\">Cort\u00e9s, J.A.<\/td>\n<td valign=\"top\" width=\"335\"><strong>Gobierno Civil de Tarragona. 1957-1964. Alejandro de la Sota<\/strong><\/td>\n<td valign=\"top\" width=\"320\">Colegio de Arquitectos de Almer\u00eda<\/td>\n<td valign=\"top\" width=\"25\">&nbsp;2006<\/td>\n<\/tr>\n<\/tbody>\n<\/table>\n<\/div>\n<div class=\"back_cajas\">\n<table class=\"table\">\n<tbody>\n<tr>\n<td valign=\"top\" width=\"160\">Couceiro, T. (ed.)<\/td>\n<td valign=\"top\" width=\"335\"><strong>Alejandro de la Sota. Central lechera Clesa<\/strong><\/td>\n<td valign=\"top\" width=\"320\">Fundaci\u00f3n Alejandro de la Sota<\/td>\n<td valign=\"top\" width=\"25\">&nbsp;2007<\/td>\n<\/tr>\n<\/tbody>\n<\/table>\n<\/div>\n<div class=\"back_cajas\">\n<table class=\"table\">\n<tbody>\n<tr>\n<td valign=\"top\" width=\"160\">Couceiro, T. (ed.)<\/td>\n<td valign=\"top\" width=\"335\"><strong>Alejandro de la Sota. Colegio mayor C\u00e9sar Carlos<\/strong><\/td>\n<td valign=\"top\" width=\"320\">Fundaci\u00f3n Alejandro de la Sota<\/td>\n<td valign=\"top\" width=\"25\">&nbsp;2008<\/td>\n<\/tr>\n<\/tbody>\n<\/table>\n<\/div>\n<div class=\"back_cajas\">\n<table class=\"table\">\n<tbody>\n<tr>\n<td valign=\"top\" width=\"160\">Couceiro, T. (ed.)<\/td>\n<td valign=\"top\" width=\"335\"><strong>Alejandro de la Sota. Gimnasio del Colegio Maravillas<\/strong><\/td>\n<td valign=\"top\" width=\"320\">Fundaci\u00f3n Alejandro de la Sota<\/td>\n<td valign=\"top\" width=\"25\">&nbsp;2007<\/td>\n<\/tr>\n<\/tbody>\n<\/table>\n<\/div>\n<div class=\"back_cajas\">\n<table class=\"table\">\n<tbody>\n<tr>\n<td valign=\"top\" width=\"160\">Couceiro, T. (ed.)<\/td>\n<td valign=\"top\" width=\"335\"><strong>Alejandro de la Sota. Pabell\u00f3n polideportivo, Pontevedra, 1965<\/strong><\/td>\n<td valign=\"top\" width=\"320\">Fundaci\u00f3n Alejandro de la Sota<\/td>\n<td valign=\"top\" width=\"25\">&nbsp;2009<\/td>\n<\/tr>\n<\/tbody>\n<\/table>\n<\/div>\n<div class=\"back_cajas\">\n<table class=\"table\">\n<tbody>\n<tr>\n<td valign=\"top\" width=\"160\">Couceiro, T. (ed.)<\/td>\n<td valign=\"top\" width=\"335\"><strong>Alejandro de la Sota. Urbanizaci\u00f3n y poblado de absorci\u00f3n Fuencarral B<\/strong><\/td>\n<td valign=\"top\" width=\"320\">Fundaci\u00f3n Alejandro de la Sota<\/td>\n<td valign=\"top\" width=\"25\">&nbsp;2006<\/td>\n<\/tr>\n<\/tbody>\n<\/table>\n<\/div>\n<div class=\"back_cajas\">\n<table class=\"table\">\n<tbody>\n<tr>\n<td valign=\"top\" width=\"160\">Gallego, M.<\/td>\n<td valign=\"top\" width=\"335\"><strong>De la Sota. Viviendas en Alcudia, Mallorca, 1984<\/strong><\/td>\n<td valign=\"top\" width=\"320\">Ministerio de Vivienda \/ Editorial&nbsp;<\/td>\n<td valign=\"top\" width=\"25\">&nbsp;2005<\/td>\n<\/tr>\n<\/tbody>\n<\/table>\n<\/div>\n<div class=\"back_cajas\">\n<table class=\"table\">\n<tbody>\n<tr>\n<td valign=\"top\" width=\"160\">Lahuerta, J.J.\/ Pizza, A.<\/td>\n<td valign=\"top\" width=\"335\"><strong>Alejandro de la Sota Arquitecto<\/strong><\/td>\n<td valign=\"top\" width=\"320\">C.R.C. Galer\u00eda de Arquitectura<\/td>\n<td valign=\"top\" width=\"25\">&nbsp;1985<\/td>\n<\/tr>\n<\/tbody>\n<\/table>\n<\/div>\n<div class=\"back_cajas\">\n<table class=\"table\">\n<tbody>\n<tr>\n<td valign=\"top\" width=\"160\">de Llano, P.<\/td>\n<td valign=\"top\" width=\"335\"><strong>Alejandro de la Sota. O nacemento dunha arquitectura<\/strong><\/td>\n<td valign=\"top\" width=\"320\">Servicio de Publicaciones, Diputaci\u00f3n Provincial de Pontevedra<\/td>\n<td valign=\"top\" width=\"25\">&nbsp;1995<\/td>\n<\/tr>\n<\/tbody>\n<\/table>\n<\/div>\n<div class=\"back_cajas\">\n<table class=\"table\">\n<tbody>\n<tr>\n<td valign=\"top\" width=\"160\">L\u00f3pez-Cotelo, V.\/ Zehl, S.<\/td>\n<td valign=\"top\" width=\"335\"><strong>Alejandro de la Sota. Raummodelle \/ Maquetas \/ Scale models<\/strong><\/td>\n<td valign=\"top\" width=\"320\">Verlag Anton Pustet<\/td>\n<td valign=\"top\" width=\"25\">&nbsp;2005<\/td>\n<\/tr>\n<\/tbody>\n<\/table>\n<\/div>\n<div class=\"back_cajas\">\n<table class=\"table\">\n<tbody>\n<tr>\n<td valign=\"top\" width=\"160\">Mart\u00ednez-Arroyo, C.\/ Pemjean, R.<\/td>\n<td valign=\"top\" width=\"335\"><strong>Alejandro de la Sota. Cuatro agrupaciones de vivienda: Mar Menor- Santander- Calle Vel\u00e1zquez- Alcudia<\/strong><\/td>\n<td valign=\"top\" width=\"320\">COACM. Colegio Oficial de Arquitectos de Castilla- la Mancha<\/td>\n<td valign=\"top\" width=\"25\">&nbsp;2006<\/td>\n<\/tr>\n<\/tbody>\n<\/table>\n<\/div>\n<div class=\"back_cajas\">\n<table class=\"table\">\n<tbody>\n<tr>\n<td valign=\"top\" width=\"160\">Moneo, R. (ed.)<\/td>\n<td valign=\"top\" width=\"335\"><strong>Alejandro de la Sota<\/strong><\/td>\n<td valign=\"top\" width=\"320\">Harvard University Graduate School of Design<\/td>\n<td valign=\"top\" width=\"25\">&nbsp;1987<\/td>\n<\/tr>\n<\/tbody>\n<\/table>\n<\/div>\n<div class=\"back_cajas\">\n<table class=\"table\">\n<tbody>\n<tr>\n<td valign=\"top\" width=\"160\">Mostafavi, M. (ed.)<\/td>\n<td valign=\"top\" width=\"335\"><strong>Alejandro de la Sota. 1913-1996. The Architecture of imperfection<\/strong><\/td>\n<td valign=\"top\" width=\"320\">Architectural Association London<\/td>\n<td valign=\"top\" width=\"25\">&nbsp;1997<\/td>\n<\/tr>\n<\/tbody>\n<\/table>\n<\/div>\n<div class=\"back_cajas\">\n<table class=\"table\">\n<tbody>\n<tr>\n<td valign=\"top\" width=\"160\">Rodr\u00edguez Cheda, J.B.<\/td>\n<td valign=\"top\" width=\"335\"><strong>Alejandro de la Sota. Construcci\u00f3n, Idea y Arquitectura<\/strong><\/td>\n<td valign=\"top\" width=\"320\">Colegio Oficial de Arquitectos de Galicia<\/td>\n<td valign=\"top\" width=\"25\">&nbsp;1994<\/td>\n<\/tr>\n<\/tbody>\n<\/table>\n<\/div>\n<div class=\"back_cajas\">\n<table class=\"table\">\n<tbody>\n<tr>\n<td valign=\"top\" width=\"160\">de la Sota, A.<\/td>\n<td valign=\"top\" width=\"335\"><strong>Alejandro de la Sota, Arquitecto<\/strong><\/td>\n<td valign=\"top\" width=\"320\">Editorial Pronaos<\/td>\n<td valign=\"top\" width=\"25\">&nbsp;1989<\/td>\n<\/tr>\n<\/tbody>\n<\/table>\n<\/div>\n<div class=\"back_cajas\">\n<table class=\"table\">\n<tbody>\n<tr>\n<td valign=\"top\" width=\"160\">de la Sota, A.<\/td>\n<td valign=\"top\" width=\"335\"><strong>Alejandro de la Sota<\/strong><\/td>\n<td valign=\"top\" width=\"320\">Servicio de Publicaciones del COAM y Centro de Publicaciones del MOPU<\/td>\n<td valign=\"top\" width=\"25\">&nbsp;1988<\/td>\n<\/tr>\n<\/tbody>\n<\/table>\n<\/div>\n<div class=\"back_cajas\">\n<table class=\"table\">\n<tbody>\n<tr>\n<td valign=\"top\" width=\"160\">de la Sota, A.<\/td>\n<td valign=\"top\" width=\"335\"><strong>Alejandro de la Sota, Arquitectos (Debuxos e proxectos)<\/strong><\/td>\n<td valign=\"top\" width=\"320\">Conseller\u00eda de Cultura e Xuventude, Consello da Cultura Galega, Colegio Oficial de Arquitectos de Galicia<\/td>\n<td valign=\"top\" width=\"25\">&nbsp;1990<\/td>\n<\/tr>\n<\/tbody>\n<\/table>\n<\/div>\n<div class=\"back_cajas\">\n<table class=\"table\">\n<tbody>\n<tr>\n<td valign=\"top\" width=\"160\">de la Sota, A.<\/td>\n<td valign=\"top\" width=\"335\"><strong>Alejandro de la Sota, Arquitecto, Pueblo de Esquivel- Edificio de aulas y seminarios de la Universidad de Sevilla<\/strong><\/td>\n<td valign=\"top\" width=\"320\">Junta de Andaluc\u00eda, Consejer\u00eda de Obras P\u00fablicas y Transportes<\/td>\n<td valign=\"top\" width=\"25\">&nbsp;1994<\/td>\n<\/tr>\n<\/tbody>\n<\/table>\n<\/div>\n<div class=\"back_cajas\">\n<table class=\"table\">\n<tbody>\n<tr>\n<td valign=\"top\" width=\"160\">de la Sota, A.\/ Puente, M. (ed.)<\/td>\n<td valign=\"top\" width=\"335\"><strong>Alejandro de la Sota. Escritos, conferencias, discursos<\/strong><\/td>\n<td valign=\"top\" width=\"320\">Editorial Gustavo Gili<\/td>\n<td valign=\"top\" width=\"25\">&nbsp;2002<\/td>\n<\/tr>\n<\/tbody>\n<\/table>\n<\/div>\n<div class=\"back_cajas\">\n<table class=\"table\">\n<tbody>\n<tr>\n<td valign=\"top\" width=\"160\">AA.VV.<\/td>\n<td valign=\"top\" width=\"335\"><strong>Alejandro de la Sota. Seis Testimonios<\/strong><\/td>\n<td valign=\"top\" width=\"320\">COAC. Col-legi de Arquitectes de Catalunya<\/td>\n<td valign=\"top\" width=\"25\">&nbsp;2008<\/td>\n<\/tr>\n<\/tbody>\n<\/table>\n<\/div>\n<div class=\"back_cajas\">\n<table class=\"table\">\n<tbody>\n<tr>\n<td valign=\"top\" width=\"160\">AA.VV.<\/td>\n<td valign=\"top\" width=\"335\"><strong>Conversaciones en torno a Alejandro de la Sota<\/strong><\/td>\n<td valign=\"top\" width=\"320\">Departamento de Proyectos de la Escuela T\u00e9cnica Superior de Arquitectura de Madrid<\/td>\n<td valign=\"top\" width=\"25\">&nbsp;1996<\/td>\n<\/tr>\n<\/tbody>\n<\/table>\n<\/div>\n<p><\/p>","protected":false},"excerpt":{"rendered":"<p>Bibliography This page is under construction. It will shortly contain a complete and updated bibliography of books and magazines with works and writings by Alejandro de la Sota. MONOGRAPHS Abalos, I.\/ Llin\u00e1s, J.\/ Puente, M. Alejandro de la Sota Fundaci\u00f3n Caja de Arquitectos &nbsp;2009 Baldellou, M.A. Alejandro de la Sota Ayuntamiento de Madrid &nbsp;2006 Baldellou, [&hellip;]<\/p>\n","protected":false},"author":1,"featured_media":0,"parent":0,"menu_order":0,"comment_status":"open","ping_status":"open","template":"","meta":[],"_links":{"self":[{"href":"https:\/\/alejandrodelasota.org\/en\/wp-json\/wp\/v2\/pages\/702"}],"collection":[{"href":"https:\/\/alejandrodelasota.org\/en\/wp-json\/wp\/v2\/pages"}],"about":[{"href":"https:\/\/alejandrodelasota.org\/en\/wp-json\/wp\/v2\/types\/page"}],"author":[{"embeddable":true,"href":"https:\/\/alejandrodelasota.org\/en\/wp-json\/wp\/v2\/users\/1"}],"replies":[{"embeddable":true,"href":"https:\/\/alejandrodelasota.org\/en\/wp-json\/wp\/v2\/comments?post=702"}],"version-history":[{"count":6,"href":"https:\/\/alejandrodelasota.org\/en\/wp-json\/wp\/v2\/pages\/702\/revisions"}],"predecessor-version":[{"id":704,"href":"https:\/\/alejandrodelasota.org\/en\/wp-json\/wp\/v2\/pages\/702\/revisions\/704"}],"wp:attachment":[{"href":"https:\/\/alejandrodelasota.org\/en\/wp-json\/wp\/v2\/media?parent=702"}],"curies":[{"name":"wp","href":"https:\/\/api.w.org\/{rel}","templated":true}]}}